{"id":6634,"date":"2022-11-03T04:02:01","date_gmt":"2022-11-03T04:02:01","guid":{"rendered":"https:\/\/smfc.flywheelsites.com\/?page_id=6634"},"modified":"2025-01-29T18:51:20","modified_gmt":"2025-01-29T18:51:20","slug":"nos-comites-internes","status":"publish","type":"page","link":"https:\/\/familyconnexions.ca\/fr\/nos-comites-internes\/","title":{"rendered":"Nos Comit\u00e9s Internes"},"content":{"rendered":"\n<section id=\"centered-content-block_051ab81c8d19f2f6043df0c2ca19a1cd\"\n         class=\"orange-block centered-content-block has-bg-color-image bg-color-primary\"\n    >\n\n\n    \n    <div class=\"container\">\n        <div class=\"row\">\n            <div class=\"col-12 content-column\" tabindex=\"0\">\n                <div class=\"content-container\">\n                                            <h3>En tant qu&rsquo;organisation \u00e9quitable et inclusive, nous avons plusieurs comit\u00e9s qui suivent l\u2019adoption d\u2019une approche anti-raciste, anti-oppression et intersectionnelle qui tient compte des traumatismes, et qui est ax\u00e9e sur la gu\u00e9rison, s\u00e9curitaire, souple et affirmative.<\/h3>\n<p>L\u2019agence cherche \u00e0 rehausser et \u00e0 maintenir un environnement de travail \u00e9quitable, diversifi\u00e9 et inclusif gr\u00e2ce \u00e0 l\u2019adoption d\u2019un cadre de travail d\u2019intersectionnalit\u00e9 anti-raciste, anti-oppression pour assurer un emploi significatif, l\u2019excellence en prestation de services, des partenariats fructueux, une forte responsabilisation et une r\u00e9putation bonifi\u00e9e \u00e0 l\u2019\u00e9chelle locale et provinciale.<\/p>\n<p>Vous trouverez ci-dessous une liste de nos comit\u00e9s internes qui ont comme objectif d&rsquo;avoir des r\u00e9sultats \u00e9quitables.<\/p>\n                <\/div>\n            <\/div>\n        <\/div>\n\n\t    \n    <\/div>\n    \n<\/section>\n\n    <section id=\"accordion-block_b301ab2835bdcaba3b4e25b57aae40b9\" class=\"orange-block accordion-block has-bg-color-image bg-color-light\" >\n\n        \n        \n        <div class=\"container\">\n            <div class=\"row\">\n                <div class=\"col-12\">\n\n                    <div class=\"accordion-wrap\">\n                        <div class=\"accordion faq-accordion\" id=\"accordion-block_b301ab2835bdcaba3b4e25b57aae40b9-accordion\">\n\n                            \n                                                                <div class=\"card\">\n\n                                    <div class=\"card-header collapsed\" id=\"accordion-block_b301ab2835bdcaba3b4e25b57aae40b9-accordion-1-heading\">\n\n                                        <div class=\"accordion-title\">\n                                            Comit\u00e9 de consultation Connexions Afro-Can Carib                                        <\/div>\n\n                                        <button class=\"btn btn-icon btn-accordion-trigger collapsed\" data-toggle=\"collapse\" data-target=\"#accordion-block_b301ab2835bdcaba3b4e25b57aae40b9-accordion-1-collapse\" aria-expanded=\"false\" aria-controls=\"accordion-block_b301ab2835bdcaba3b4e25b57aae40b9-accordion-1-collapse\" tabindex=\"0\" aria-label=\"Cliquer pour d\u00e9rouler\">\n                                            <svg xmlns=\"http:\/\/www.w3.org\/2000\/svg\" viewBox=\"0 0 8 8\">\n                                                <g fill=\"none\" stroke=\"currentColor\" stroke-miterlimit=\"10\" stroke-width=\"1.5px\" transform=\"translate(-30 -47.438)\">\n                                                    <line x2=\"8\" transform=\"translate(30 51.438)\" \/>\n                                                    <line x2=\"8\" transform=\"translate(34 47.438) rotate(90)\" \/>\n                                                <\/g>\n                                            <\/svg>\n                                        <\/button>\n\n                                    <\/div>\n\n                                    <div id=\"accordion-block_b301ab2835bdcaba3b4e25b57aae40b9-accordion-1-collapse\" class=\"collapse\" aria-labelledby=\"accordion-block_b301ab2835bdcaba3b4e25b57aae40b9-accordion-1-heading\" data-parent=\"#accordion-block_b301ab2835bdcaba3b4e25b57aae40b9-accordion\">\n\n                                        <div class=\"card-body\">\n                                            <p><strong>Mission :<\/strong><\/p>\n<p>En tant qu&rsquo;organisation, nous aspirons \u00e0 assurer que tous les enfants se sentent en s\u00e9curit\u00e9 et sont \u00e0 l&rsquo;aise d&rsquo;\u00eatre qui ils sont. Pour cela, ils ont besoin d&rsquo;un niveau de protection appropri\u00e9 et une attention particuli\u00e8re dans tous les domaines de bien-\u00eatre, afin de reconnaitre et pr\u00e9server leurs droits humains fondamentaux d&rsquo;\u00eatre trait\u00e9s avec du respect et de la dignit\u00e9. Pour les enfants Noirs sous protection, il est essentiel de prendre en compte leur besoins \u00e9ducationnels, \u00e9motionnels, psychologiques, sociaux, de sant\u00e9 et culturels qui font partie de leur ident\u00e9, leur expression culturelle et sentiment d&rsquo;appartenance s\u00e9curitaire et affirmatif.<\/p>\n<p>Le Comit\u00e9 de consultation Connexions Afro-Can Carib est d\u00e9di\u00e9 \u00e0 soutenir l&rsquo;engagement de l&rsquo;organisation pour assurer le bien-\u00eatre, l&rsquo;identit\u00e9 culturelle, familiale et la connectivit\u00e9 communautaire des enfants et jeunes Noirs sous protection pour obtenir des r\u00e9sultats \u00e9quitables.<\/p>\n<p><strong>Vision :<\/strong><\/p>\n<p>Des pratiques \u00e9quitables qui font la <strong>promotion<\/strong> et <strong>soutiennent<\/strong> la sant\u00e9, s\u00e9curit\u00e9 et bien-\u00eatre des enfants et jeunes Noirs, et leurs familles.<\/p>\n<p><strong>Mandat :<\/strong><\/p>\n<p><strong>Promouvoir<\/strong> et <strong>soutenir<\/strong> des services qui tiennent comptent de la culture et sont affirmatifs pour arriver \u00e0 des r\u00e9sultats \u00e9quitables pour les enfants et jeunes Noirs, et leurs familles<\/p>\n                                        <\/div>\n\n                                    <\/div>\n                                <\/div>\n\n                            \n                                                                <div class=\"card\">\n\n                                    <div class=\"card-header collapsed\" id=\"accordion-block_b301ab2835bdcaba3b4e25b57aae40b9-accordion-2-heading\">\n\n                                        <div class=\"accordion-title\">\n                                            Groupe de consultation des employ\u00e9(e)s autochtones                                        <\/div>\n\n                                        <button class=\"btn btn-icon btn-accordion-trigger collapsed\" data-toggle=\"collapse\" data-target=\"#accordion-block_b301ab2835bdcaba3b4e25b57aae40b9-accordion-2-collapse\" aria-expanded=\"false\" aria-controls=\"accordion-block_b301ab2835bdcaba3b4e25b57aae40b9-accordion-2-collapse\" tabindex=\"0\" aria-label=\"Cliquer pour d\u00e9rouler\">\n                                            <svg xmlns=\"http:\/\/www.w3.org\/2000\/svg\" viewBox=\"0 0 8 8\">\n                                                <g fill=\"none\" stroke=\"currentColor\" stroke-miterlimit=\"10\" stroke-width=\"1.5px\" transform=\"translate(-30 -47.438)\">\n                                                    <line x2=\"8\" transform=\"translate(30 51.438)\" \/>\n                                                    <line x2=\"8\" transform=\"translate(34 47.438) rotate(90)\" \/>\n                                                <\/g>\n                                            <\/svg>\n                                        <\/button>\n\n                                    <\/div>\n\n                                    <div id=\"accordion-block_b301ab2835bdcaba3b4e25b57aae40b9-accordion-2-collapse\" class=\"collapse\" aria-labelledby=\"accordion-block_b301ab2835bdcaba3b4e25b57aae40b9-accordion-2-heading\" data-parent=\"#accordion-block_b301ab2835bdcaba3b4e25b57aae40b9-accordion\">\n\n                                        <div class=\"card-body\">\n                                            <p>D\u00e9tails \u00e0 venir<\/p>\n<p>Le groupe est en cours de d\u00e9veloppement et recrute de nouveaux membres.<\/p>\n                                        <\/div>\n\n                                    <\/div>\n                                <\/div>\n\n                            \n                                                                <div class=\"card\">\n\n                                    <div class=\"card-header collapsed\" id=\"accordion-block_b301ab2835bdcaba3b4e25b57aae40b9-accordion-3-heading\">\n\n                                        <div class=\"accordion-title\">\n                                            Groupe de consultation d&#8217;employ\u00e9s pour les Services en Langue Fran\u00e7aise                                        <\/div>\n\n                                        <button class=\"btn btn-icon btn-accordion-trigger collapsed\" data-toggle=\"collapse\" data-target=\"#accordion-block_b301ab2835bdcaba3b4e25b57aae40b9-accordion-3-collapse\" aria-expanded=\"false\" aria-controls=\"accordion-block_b301ab2835bdcaba3b4e25b57aae40b9-accordion-3-collapse\" tabindex=\"0\" aria-label=\"Cliquer pour d\u00e9rouler\">\n                                            <svg xmlns=\"http:\/\/www.w3.org\/2000\/svg\" viewBox=\"0 0 8 8\">\n                                                <g fill=\"none\" stroke=\"currentColor\" stroke-miterlimit=\"10\" stroke-width=\"1.5px\" transform=\"translate(-30 -47.438)\">\n                                                    <line x2=\"8\" transform=\"translate(30 51.438)\" \/>\n                                                    <line x2=\"8\" transform=\"translate(34 47.438) rotate(90)\" \/>\n                                                <\/g>\n                                            <\/svg>\n                                        <\/button>\n\n                                    <\/div>\n\n                                    <div id=\"accordion-block_b301ab2835bdcaba3b4e25b57aae40b9-accordion-3-collapse\" class=\"collapse\" aria-labelledby=\"accordion-block_b301ab2835bdcaba3b4e25b57aae40b9-accordion-3-heading\" data-parent=\"#accordion-block_b301ab2835bdcaba3b4e25b57aae40b9-accordion\">\n\n                                        <div class=\"card-body\">\n                                            <p>Le groupe se compose d&#8217;employ\u00e9s francophones de l&rsquo;agence qui ont pour t\u00e2che d&rsquo;assurer que l&rsquo;agence impl\u00e9mente les recommandations n\u00e9cessaires du plan de travail des Services en Langue Fran\u00e7aise et les exigences constantes du Plan d&rsquo;am\u00e9lioration de la qualit\u00e9 avec le minist\u00e8re.<\/p>\n<p>Ils ont pour t\u00e2che de communiquer tout probl\u00e8me syst\u00e9mique per\u00e7u li\u00e9 \u00e0 l&rsquo;\u00e9quit\u00e9, l&rsquo;inclusion et la justice dans les proc\u00e9dures de notre organisation qui sont li\u00e9es \u00e0 la langue fran\u00e7aise, la culture et le sentiment d&rsquo;appartenance.<\/p>\n<p>Ce groupe de consultation se rencontre chaque trimestre avec les cadres sup\u00e9rieurs de l&rsquo;organisation pour rapporter tout commentaire, inqui\u00e9tude et progr\u00e8s que nous faisons dans le plan de travail interne. Il se rencontre \u00e9galement plus souvent en tant que collectif pour collecter, sur une base continue, les commentaires de nos employ\u00e9(e)s francophones et pour aider \u00e0 inclure les parties du plan de travail qui sont li\u00e9es \u00e0 la transformation de la culture interne et aux besoins des employ\u00e9(e)s francophones.<\/p>\n                                        <\/div>\n\n                                    <\/div>\n                                <\/div>\n\n                            \n                                                                <div class=\"card\">\n\n                                    <div class=\"card-header collapsed\" id=\"accordion-block_b301ab2835bdcaba3b4e25b57aae40b9-accordion-4-heading\">\n\n                                        <div class=\"accordion-title\">\n                                            Comit\u00e9 LAPHO                                        <\/div>\n\n                                        <button class=\"btn btn-icon btn-accordion-trigger collapsed\" data-toggle=\"collapse\" data-target=\"#accordion-block_b301ab2835bdcaba3b4e25b57aae40b9-accordion-4-collapse\" aria-expanded=\"false\" aria-controls=\"accordion-block_b301ab2835bdcaba3b4e25b57aae40b9-accordion-4-collapse\" tabindex=\"0\" aria-label=\"Cliquer pour d\u00e9rouler\">\n                                            <svg xmlns=\"http:\/\/www.w3.org\/2000\/svg\" viewBox=\"0 0 8 8\">\n                                                <g fill=\"none\" stroke=\"currentColor\" stroke-miterlimit=\"10\" stroke-width=\"1.5px\" transform=\"translate(-30 -47.438)\">\n                                                    <line x2=\"8\" transform=\"translate(30 51.438)\" \/>\n                                                    <line x2=\"8\" transform=\"translate(34 47.438) rotate(90)\" \/>\n                                                <\/g>\n                                            <\/svg>\n                                        <\/button>\n\n                                    <\/div>\n\n                                    <div id=\"accordion-block_b301ab2835bdcaba3b4e25b57aae40b9-accordion-4-collapse\" class=\"collapse\" aria-labelledby=\"accordion-block_b301ab2835bdcaba3b4e25b57aae40b9-accordion-4-heading\" data-parent=\"#accordion-block_b301ab2835bdcaba3b4e25b57aae40b9-accordion\">\n\n                                        <div class=\"card-body\">\n                                            <p>CFSM s&rsquo;engage \u00e0 am\u00e9liorer l&rsquo;accessibilit\u00e9 dans tous les aspects de ses services et d&rsquo;assurer que ses employ\u00e9(e)s, b\u00e9n\u00e9voles, clients, repr\u00e9sentants de CFSM et les membres du grand public re\u00e7oivent des services qui suivent le respect de la dignit\u00e9, l&rsquo;ind\u00e9pendance, l&rsquo;int\u00e9gration et l&rsquo;\u00e9galit\u00e9 pour tous\/toutes.<\/p>\n<p>Le Comit\u00e9 LAPHO travaille en collaboration avec CFSM en ce qui concerne les questions li\u00e9es \u00e0 la conformit\u00e9 avec la Loi sur l&rsquo;accessibilit\u00e9 pour les personnes handicap\u00e9es de l&rsquo;Ontario; le d\u00e9veloppement d&rsquo;un plan d&rsquo;accessibilit\u00e9 sur plusieurs ann\u00e9es et assurer que ces plans accessibles soient conformes avec les principes de la LAPHO et la CODP; identifier les inqui\u00e9tudes et lacunes en se basant sur les commentaires re\u00e7us et r\u00e9pondre de fa\u00e7on appropri\u00e9e; promouvoir une accessibilit\u00e9 enti\u00e8re et de l&rsquo;inclusion dans tous les aspects de l&rsquo;agence.<\/p>\n<h6><a href=\"https:\/\/familyconnexions.ca\/fr\/politiques-et-procedures-relatives-a-laccessibilite-pour-les-personnes-handicapees-de-lontario\/\" target=\"_blank\" rel=\"noopener\">Cliquez ici pour plus d&rsquo;informations sur l&rsquo;accessibilit\u00e9<\/a><\/h6>\n                                        <\/div>\n\n                                    <\/div>\n                                <\/div>\n\n                            \n                                                                <div class=\"card\">\n\n                                    <div class=\"card-header collapsed\" id=\"accordion-block_b301ab2835bdcaba3b4e25b57aae40b9-accordion-5-heading\">\n\n                                        <div class=\"accordion-title\">\n                                            Comit\u00e9 de Sant\u00e9 et S\u00e9curit\u00e9                                        <\/div>\n\n                                        <button class=\"btn btn-icon btn-accordion-trigger collapsed\" data-toggle=\"collapse\" data-target=\"#accordion-block_b301ab2835bdcaba3b4e25b57aae40b9-accordion-5-collapse\" aria-expanded=\"false\" aria-controls=\"accordion-block_b301ab2835bdcaba3b4e25b57aae40b9-accordion-5-collapse\" tabindex=\"0\" aria-label=\"Cliquer pour d\u00e9rouler\">\n                                            <svg xmlns=\"http:\/\/www.w3.org\/2000\/svg\" viewBox=\"0 0 8 8\">\n                                                <g fill=\"none\" stroke=\"currentColor\" stroke-miterlimit=\"10\" stroke-width=\"1.5px\" transform=\"translate(-30 -47.438)\">\n                                                    <line x2=\"8\" transform=\"translate(30 51.438)\" \/>\n                                                    <line x2=\"8\" transform=\"translate(34 47.438) rotate(90)\" \/>\n                                                <\/g>\n                                            <\/svg>\n                                        <\/button>\n\n                                    <\/div>\n\n                                    <div id=\"accordion-block_b301ab2835bdcaba3b4e25b57aae40b9-accordion-5-collapse\" class=\"collapse\" aria-labelledby=\"accordion-block_b301ab2835bdcaba3b4e25b57aae40b9-accordion-5-heading\" data-parent=\"#accordion-block_b301ab2835bdcaba3b4e25b57aae40b9-accordion\">\n\n                                        <div class=\"card-body\">\n                                            <p>CFSM s&rsquo;engage \u00e0 prot\u00e9ger les employ\u00e9(e)s, les propri\u00e9t\u00e9s, les clients, visiteurs, b\u00e9n\u00e9voles et tout autre sous-contractant qui pourrait \u00eatre embauch\u00e9 par notre organisation en ce qui concerne la maladie et les blessures accidentelles.<\/p>\n<p>Nous sommes d\u00e9vou\u00e9s pour am\u00e9liorer continuellement notre programme de Sant\u00e9 et S\u00e9curit\u00e9 et nous concentrant sur la pr\u00e9vention de blessures accidentelles et maladies, et en construisant une culture de sant\u00e9, s\u00e9curit\u00e9 et bien-\u00eatre avec nos programmes de Sant\u00e9 et S\u00e9curit\u00e9 et soutiens de bien-\u00eatre.<\/p>\n<p>Nous adh\u00e9rons aux politiques et proc\u00e9dures d\u00e9crites dans la Loi sur sant\u00e9 et la s\u00e9curit\u00e9 au travail, et toute toute r\u00e9glementation appliqu\u00e9e en vertu du Minist\u00e8re du Travail d&rsquo;Ontario.<\/p>\n<p>Le comit\u00e9 joint de Sant\u00e9 et S\u00e9curit\u00e9 de CFSM est un comit\u00e9 compos\u00e9 de travailleurs et gestionnaires qui s&rsquo;engage \u00e0 am\u00e9liorer les conditions de sant\u00e9 et de s\u00e9curit\u00e9 dans le milieu de travail.<\/p>\n<p>Le Comit\u00e9 agit comme un groupe de consultation, identifie les dangers et obtient de l&rsquo;information sur ceux-ci, recommande des mesures correctives, assiste dans la r\u00e9solution de situations de refus, participe \u00e0 des enqu\u00eates sur les accidents et inspections dans le milieu de travail, et fournit des recommandations aupr\u00e8s de la direction en ce qui concerne les actions \u00e0 prendre pour r\u00e9soudre les probl\u00e8mes li\u00e9s \u00e0 la sant\u00e9 et s\u00e9curit\u00e9.<\/p>\n                                        <\/div>\n\n                                    <\/div>\n                                <\/div>\n\n                            \n                                                                <div class=\"card\">\n\n                                    <div class=\"card-header collapsed\" id=\"accordion-block_b301ab2835bdcaba3b4e25b57aae40b9-accordion-6-heading\">\n\n                                        <div class=\"accordion-title\">\n                                            \u00c9quipe de Soutien par les pairs                                        <\/div>\n\n                                        <button class=\"btn btn-icon btn-accordion-trigger collapsed\" data-toggle=\"collapse\" data-target=\"#accordion-block_b301ab2835bdcaba3b4e25b57aae40b9-accordion-6-collapse\" aria-expanded=\"false\" aria-controls=\"accordion-block_b301ab2835bdcaba3b4e25b57aae40b9-accordion-6-collapse\" tabindex=\"0\" aria-label=\"Cliquer pour d\u00e9rouler\">\n                                            <svg xmlns=\"http:\/\/www.w3.org\/2000\/svg\" viewBox=\"0 0 8 8\">\n                                                <g fill=\"none\" stroke=\"currentColor\" stroke-miterlimit=\"10\" stroke-width=\"1.5px\" transform=\"translate(-30 -47.438)\">\n                                                    <line x2=\"8\" transform=\"translate(30 51.438)\" \/>\n                                                    <line x2=\"8\" transform=\"translate(34 47.438) rotate(90)\" \/>\n                                                <\/g>\n                                            <\/svg>\n                                        <\/button>\n\n                                    <\/div>\n\n                                    <div id=\"accordion-block_b301ab2835bdcaba3b4e25b57aae40b9-accordion-6-collapse\" class=\"collapse\" aria-labelledby=\"accordion-block_b301ab2835bdcaba3b4e25b57aae40b9-accordion-6-heading\" data-parent=\"#accordion-block_b301ab2835bdcaba3b4e25b57aae40b9-accordion\">\n\n                                        <div class=\"card-body\">\n                                            <p>Le mandat de l&rsquo;\u00c9quipe de Soutien par les pairs est de promouvoir une culture qui renforce la r\u00e9silience envers les demandes dans le travail de protection de l&rsquo;enfance, et offre des r\u00e9ponses sensibles pour les incidents critiques li\u00e9s au travail pour tous\/toutes les employ\u00e9(e)s.<\/p>\n<p>Ils font des comptes-rendus, \u00e9duquent et fournissent du soutien de qualit\u00e9 pour r\u00e9duire le stress et l&rsquo;impact du travail dans la protection de l&rsquo;enfance et sant\u00e9 mentale des enfants. Ils assurent la confidentialit\u00e9 et l&rsquo;individualit\u00e9.<\/p>\n                                        <\/div>\n\n                                    <\/div>\n                                <\/div>\n\n                            \n                                                                <div class=\"card\">\n\n                                    <div class=\"card-header collapsed\" id=\"accordion-block_b301ab2835bdcaba3b4e25b57aae40b9-accordion-7-heading\">\n\n                                        <div class=\"accordion-title\">\n                                            Comit\u00e9 2S-LGBTQ+                                        <\/div>\n\n                                        <button class=\"btn btn-icon btn-accordion-trigger collapsed\" data-toggle=\"collapse\" data-target=\"#accordion-block_b301ab2835bdcaba3b4e25b57aae40b9-accordion-7-collapse\" aria-expanded=\"false\" aria-controls=\"accordion-block_b301ab2835bdcaba3b4e25b57aae40b9-accordion-7-collapse\" tabindex=\"0\" aria-label=\"Cliquer pour d\u00e9rouler\">\n                                            <svg xmlns=\"http:\/\/www.w3.org\/2000\/svg\" viewBox=\"0 0 8 8\">\n                                                <g fill=\"none\" stroke=\"currentColor\" stroke-miterlimit=\"10\" stroke-width=\"1.5px\" transform=\"translate(-30 -47.438)\">\n                                                    <line x2=\"8\" transform=\"translate(30 51.438)\" \/>\n                                                    <line x2=\"8\" transform=\"translate(34 47.438) rotate(90)\" \/>\n                                                <\/g>\n                                            <\/svg>\n                                        <\/button>\n\n                                    <\/div>\n\n                                    <div id=\"accordion-block_b301ab2835bdcaba3b4e25b57aae40b9-accordion-7-collapse\" class=\"collapse\" aria-labelledby=\"accordion-block_b301ab2835bdcaba3b4e25b57aae40b9-accordion-7-heading\" data-parent=\"#accordion-block_b301ab2835bdcaba3b4e25b57aae40b9-accordion\">\n\n                                        <div class=\"card-body\">\n                                            <p><strong>BUT<\/strong><\/p>\n<p>Le Comit\u00e9 2S-LGBTQ+ de Connexions Familiales de Simcoe Muskoka a pour t\u00e2che de soutenir l&rsquo;agence dans son engagement in\u00e9branlable pour \u00eatre un employeur, fournisseur de service et partenaire communautaire \u00e9quitable et inclusif, pour les enfants\/jeunes qui sont bispirituel(le)s, lesbiennes, gays, bisexuel(le)s, trans, transgenres, intersexes, de genre non conforme, queer et en questionnement (2S-LGBTQ+), ainsi que leurs familles et leurs communaut\u00e9s de soutien et d&rsquo;appartenance. Le Comit\u00e9 travaille pour d\u00e9velopper\/soutenir, promouvoir, surveiller et\/ou conseiller sur le d\u00e9veloppement des pratiques, politiques, services et engagement de l&rsquo;agence pour des r\u00e9sultats inclusifs et \u00e9quitables, afin de suivre la stat\u00e9gie d&rsquo;\u00e9quit\u00e9 et d&rsquo;inclusion de l&rsquo;agence qui est d\u00e9crite dans un plan de travail annuel 2S-LGBTQ+.<\/p>\n                                        <\/div>\n\n                                    <\/div>\n                                <\/div>\n\n                            \n                                                                <div class=\"card\">\n\n                                    <div class=\"card-header collapsed\" id=\"accordion-block_b301ab2835bdcaba3b4e25b57aae40b9-accordion-8-heading\">\n\n                                        <div class=\"accordion-title\">\n                                            Conseil de direction pour des r\u00e9sultats \u00e9quitables                                        <\/div>\n\n                                        <button class=\"btn btn-icon btn-accordion-trigger collapsed\" data-toggle=\"collapse\" data-target=\"#accordion-block_b301ab2835bdcaba3b4e25b57aae40b9-accordion-8-collapse\" aria-expanded=\"false\" aria-controls=\"accordion-block_b301ab2835bdcaba3b4e25b57aae40b9-accordion-8-collapse\" tabindex=\"0\" aria-label=\"Cliquer pour d\u00e9rouler\">\n                                            <svg xmlns=\"http:\/\/www.w3.org\/2000\/svg\" viewBox=\"0 0 8 8\">\n                                                <g fill=\"none\" stroke=\"currentColor\" stroke-miterlimit=\"10\" stroke-width=\"1.5px\" transform=\"translate(-30 -47.438)\">\n                                                    <line x2=\"8\" transform=\"translate(30 51.438)\" \/>\n                                                    <line x2=\"8\" transform=\"translate(34 47.438) rotate(90)\" \/>\n                                                <\/g>\n                                            <\/svg>\n                                        <\/button>\n\n                                    <\/div>\n\n                                    <div id=\"accordion-block_b301ab2835bdcaba3b4e25b57aae40b9-accordion-8-collapse\" class=\"collapse\" aria-labelledby=\"accordion-block_b301ab2835bdcaba3b4e25b57aae40b9-accordion-8-heading\" data-parent=\"#accordion-block_b301ab2835bdcaba3b4e25b57aae40b9-accordion\">\n\n                                        <div class=\"card-body\">\n                                            <p><strong>BUT<\/strong><\/p>\n<p>Le Conseil de direction pour des r\u00e9sultats \u00e9quitables de Connexions Familiales de Simcoe Muskoka est un groupe de strat\u00e9gie et de responsabilit\u00e9 qui est responsable de suivre et informer le travail de l&rsquo;agence envers l&rsquo;int\u00e9gration de l&rsquo;\u00e9quit\u00e9 dans tous les syst\u00e8mes et fonctions afin d&rsquo;am\u00e9liorer les services pour les enfants, jeunes et leurs familles, quelle que soit leur identit\u00e9, pour des r\u00e9sultats \u00e9quitables. Le Conseil a \u00e9galement pour t\u00e2che de fournir une direction strat\u00e9gique pour am\u00e9liorer la sant\u00e9 et culture de l&rsquo;organisation pour que tout soit affirmatif, inclusif et engag\u00e9 de fa\u00e7on \u00e9quitable.<\/p>\n<p>&nbsp;<\/p>\n<p><em>Les r\u00e9sultats attendus incluent :<\/em><\/p>\n<ul>\n<li><strong>R\u00e9duire et \u00e9liminer la disproportionnalit\u00e9, disparit\u00e9 et discrimination envers les enfants, jeunes et leurs familles afin d&rsquo;assurer la s\u00e9curit\u00e9 des enfants.<\/strong><\/li>\n<li><strong>Soutenir la s\u00e9curit\u00e9, la permanence et en g\u00e9n\u00e9ral, le bien-\u00eatre de chaque enfants\/jeunes qui re\u00e7oivent de services dans et en dehors de la protection, peut important leur identit\u00e9.<\/strong><\/li>\n<li><strong>Construire des capacit\u00e9s de formations organisationnelles qui permettront \u00e0 CFSM d&rsquo;adresser les facteurs syst\u00e9miques et structurels qui pourraient mener \u00e0 des in\u00e9galit\u00e9s.<\/strong><\/li>\n<li><strong>Avoir un groupe d&#8217;employ\u00e9(e)s plus divers et inclusif qui refl\u00e8te les communaut\u00e9s que nous servons.<\/strong><\/li>\n<li><strong>Am\u00e9liorer et soutenir une culture organisationnelle et un climat sains.<\/strong><\/li>\n<\/ul>\n<p>Le Conseil de direction pour des r\u00e9sultats \u00e9quitables se concentre sur une strat\u00e9gie d&rsquo;\u00e9quit\u00e9 et d&rsquo;inclusion (avec le cadre anti-raciste\/anti-oppressif\/intersectionnel), qui, ensemble, repr\u00e9sente une approche compr\u00e9hensive pour atteindre l&rsquo;\u00e9quit\u00e9 et l&rsquo;inclusion :<\/p>\n<ul>\n<li><strong>Leadership \u00c9thique &amp; Collaboratif<\/strong><\/li>\n<li><strong>D\u00e9veloppement et Revue de la Politique<\/strong><\/li>\n<li><strong>Culture organisationelle et climat sains<\/strong><\/li>\n<li><strong>L&#8217;embauche, le d\u00e9veloppement et la r\u00e9tention d&rsquo;un groupe d&#8217;employ\u00e9(e)s tr\u00e8s qualifi\u00e9 et inclusif.\u00a0<\/strong><\/li>\n<li><strong>Soutien Syst\u00e9mique et Ressources d\u00e9di\u00e9es vers une prestation de service inclusive.<\/strong><\/li>\n<li><strong>Implication et d\u00e9veloppement communautaire.<\/strong><\/li>\n<\/ul>\n                                        <\/div>\n\n                                    <\/div>\n                                <\/div>\n\n                            \n                                                                <div class=\"card\">\n\n                                    <div class=\"card-header collapsed\" id=\"accordion-block_b301ab2835bdcaba3b4e25b57aae40b9-accordion-9-heading\">\n\n                                        <div class=\"accordion-title\">\n                                            Comit\u00e9 Anti-raciste &amp; Anti-oppression                                        <\/div>\n\n                                        <button class=\"btn btn-icon btn-accordion-trigger collapsed\" data-toggle=\"collapse\" data-target=\"#accordion-block_b301ab2835bdcaba3b4e25b57aae40b9-accordion-9-collapse\" aria-expanded=\"false\" aria-controls=\"accordion-block_b301ab2835bdcaba3b4e25b57aae40b9-accordion-9-collapse\" tabindex=\"0\" aria-label=\"Cliquer pour d\u00e9rouler\">\n                                            <svg xmlns=\"http:\/\/www.w3.org\/2000\/svg\" viewBox=\"0 0 8 8\">\n                                                <g fill=\"none\" stroke=\"currentColor\" stroke-miterlimit=\"10\" stroke-width=\"1.5px\" transform=\"translate(-30 -47.438)\">\n                                                    <line x2=\"8\" transform=\"translate(30 51.438)\" \/>\n                                                    <line x2=\"8\" transform=\"translate(34 47.438) rotate(90)\" \/>\n                                                <\/g>\n                                            <\/svg>\n                                        <\/button>\n\n                                    <\/div>\n\n                                    <div id=\"accordion-block_b301ab2835bdcaba3b4e25b57aae40b9-accordion-9-collapse\" class=\"collapse\" aria-labelledby=\"accordion-block_b301ab2835bdcaba3b4e25b57aae40b9-accordion-9-heading\" data-parent=\"#accordion-block_b301ab2835bdcaba3b4e25b57aae40b9-accordion\">\n\n                                        <div class=\"card-body\">\n                                            <p><strong>BUT\u00a0\u00a0<\/strong><\/p>\n<p>Le Comit\u00e9 Anti-raciste &amp; Anti-oppression de Connexions Familiales de Simcoe Muskoka est d\u00e9di\u00e9 \u00e0 soutenir l&rsquo;engagement de l&rsquo;organisation pour \u00eatre un employeur, fournisseur de service et partenaire communautaire\u00a0 \u00e9quitable et inclusif. Le Comit\u00e9 travaille pour d\u00e9velopper\/soutenir, promouvoir, surveiller et\/ou conseiller sur le d\u00e9veloppement des pratiques, politiques, services et engagement de l&rsquo;agence pour des r\u00e9sultats inclusifs et \u00e9quitables, afin de suivre la stat\u00e9gie d&rsquo;\u00e9quit\u00e9 et d&rsquo;inclusion de l&rsquo;agence qui est d\u00e9crite dans un plan de travail annuel Anti-raciste &amp; Anti-oppression.<\/p>\n<p><strong>LES R\u00c9SULTATS ATTENDUS INCLUENT<\/strong><\/p>\n<p>Des r\u00e9sultats et pratiques qui font la promotion et soutiennent des services ouverts, inclusifs, plus s\u00e9curitaires et affirmatifs, et des environnements pour les enfants, jeunes et familles qui re\u00e7oivent des services de l&rsquo;agence ainsi que pour ceux\/celles employ\u00e9(e)s par l&rsquo;organisation :<\/p>\n<p>&nbsp;<\/p>\n<p><em>Une agence qui :<\/em><\/p>\n<ul>\n<li>Travaille activement pour adresser l&rsquo;h\u00e9t\u00e9rosexisme, h\u00e9t\u00e9ronormativit\u00e9, transmisogynie, probl\u00e8mes avec les cisgenres et expression de genre dans le contexte du cadre intersectionnel, autant interne qu&rsquo;externe.<\/li>\n<li>Offre des pratiques et programmes 2S-LGBTQ+ inclusifs dans toute l&rsquo;agence, en collaboration avec la communaut\u00e9\/des partenaires communautaires.<\/li>\n<li>Est un environnement de travail plus s\u00e9curitaire pour tous\/toutes, peu importe le genre, l&rsquo;expression de genre et l&rsquo;orientation sexuelle, et toutes les identit\u00e9s intersectionnelles.<\/li>\n<li>Est un lieu de travail et o\u00f9 l&rsquo;on re\u00e7oit de services qui est ouvert, inclusif, s\u00e9curitaire et affirmatif<\/li>\n<li>Est un partenaire communautaire significatif, collaboratif et actif avec la communaut\u00e9 et les soutiens\/organisations 2S-LGBTQ+<\/li>\n<li>A une r\u00e9putation am\u00e9lior\u00e9e dans Simcoe, Muskoka et la province en tant qu&rsquo;alli\u00e9 actif fier et partenaire 2S-LGBTQ+.<\/li>\n<\/ul>\n                                        <\/div>\n\n                                    <\/div>\n                                <\/div>\n\n                            \n                                                                <div class=\"card\">\n\n                                    <div class=\"card-header collapsed\" id=\"accordion-block_b301ab2835bdcaba3b4e25b57aae40b9-accordion-10-heading\">\n\n                                        <div class=\"accordion-title\">\n                                            Comit\u00e9 Une Vision Une Voix (UVUV)                                        <\/div>\n\n                                        <button class=\"btn btn-icon btn-accordion-trigger collapsed\" data-toggle=\"collapse\" data-target=\"#accordion-block_b301ab2835bdcaba3b4e25b57aae40b9-accordion-10-collapse\" aria-expanded=\"false\" aria-controls=\"accordion-block_b301ab2835bdcaba3b4e25b57aae40b9-accordion-10-collapse\" tabindex=\"0\" aria-label=\"Cliquer pour d\u00e9rouler\">\n                                            <svg xmlns=\"http:\/\/www.w3.org\/2000\/svg\" viewBox=\"0 0 8 8\">\n                                                <g fill=\"none\" stroke=\"currentColor\" stroke-miterlimit=\"10\" stroke-width=\"1.5px\" transform=\"translate(-30 -47.438)\">\n                                                    <line x2=\"8\" transform=\"translate(30 51.438)\" \/>\n                                                    <line x2=\"8\" transform=\"translate(34 47.438) rotate(90)\" \/>\n                                                <\/g>\n                                            <\/svg>\n                                        <\/button>\n\n                                    <\/div>\n\n                                    <div id=\"accordion-block_b301ab2835bdcaba3b4e25b57aae40b9-accordion-10-collapse\" class=\"collapse\" aria-labelledby=\"accordion-block_b301ab2835bdcaba3b4e25b57aae40b9-accordion-10-heading\" data-parent=\"#accordion-block_b301ab2835bdcaba3b4e25b57aae40b9-accordion\">\n\n                                        <div class=\"card-body\">\n                                            <p><strong>BUT\u00a0\u00a0<\/strong><\/p>\n<p>Le Comit\u00e9 Une Vision Une Voix (UVUV) de Connexions Familiales de Simcoe Muskoka est d\u00e9di\u00e9 \u00e0 soutenir l&rsquo;engagement in\u00e9branlable de l&rsquo;organisation pour \u00eatre un employeur, partenaire communautaire et fournisseur de service \u00e9quitable et inclusif pour les enfants\/jeunes, leurs familles et la communaut\u00e9 \u00e0 laquelle ils appartiennent. Le Comit\u00e9 travaille pour d\u00e9velopper\/soutenir, promouvoir, surveiller et\/ou conseiller sur le d\u00e9veloppement des pratiques, politiques, services et engagement de l&rsquo;agence pour des r\u00e9sultats inclusifs et \u00e9quitables, afin de suivre la stat\u00e9gie d&rsquo;\u00e9quit\u00e9 et d&rsquo;inclusion de l&rsquo;agence, les 11 Pratiques d&rsquo;\u00e9quit\u00e9 de race d&rsquo;UVUV de OACAS qui est d\u00e9crite dans un plan de travail annuel du Comit\u00e9 UVUV.<\/p>\n<p><strong>LES R\u00c9SULTATS ATTENDUS INCLUENT<\/strong><\/p>\n<p>Des r\u00e9sultats et pratiques qui font la promotion et soutiennent des services ouverts, inclusifs, plus s\u00e9curitaires et affirmatifs, et des environnements pour les enfants et jeunes Noirs et leurs familles qui re\u00e7oivent des services de l&rsquo;agence ainsi que pour les employ\u00e9s Noirs de l&rsquo;organisation :<\/p>\n<p>&nbsp;<\/p>\n<p><em>Une agence qui :<\/em><\/p>\n<ul>\n<li>Travaille sur les disproportionnalit\u00e9s, disparit\u00e9s et discriminations envers les enfants, jeunes et leurs familles afin d&rsquo;assurer la s\u00e9curit\u00e9 des enfants.<\/li>\n<li>Soutient la s\u00e9curit\u00e9, la permanence et en g\u00e9n\u00e9ral, le bien-\u00eatre des enfants\/jeunes Noirs qui re\u00e7oivent de services dans et en dehors de la protection.<\/li>\n<li>Construit des capacit\u00e9s de formations organisationnelles qui permettront \u00e0 CFSM d&rsquo;adresser les facteurs syst\u00e9miques et structurels qui pourraient mener \u00e0 de l&rsquo;anti-racisme.<\/li>\n<li>Travaille activement pour addresser le racisme anti-Noir \u00e0 l&rsquo;interne et l&rsquo;externe.<\/li>\n<li>Offre des services et programmes culturellement affirmatifs dans toute l&rsquo;agence.<\/li>\n<li>Est un environnement de travail plus s\u00e9curitaire pour tous\/toutes, peu importe leur identit\u00e9 de race.<\/li>\n<li>Offre une approche de services culturellement affirmative.<\/li>\n<li>Est un partenaire communautaire significatif, collaboratif et actif avec la communaut\u00e9 Noire.<\/li>\n<li>A une r\u00e9putation am\u00e9lior\u00e9e dans Simcoe, Muskoka et la province en tant qu&rsquo;alli\u00e9 actif fier et partenaire de la communaut\u00e9 Noire.<\/li>\n<\/ul>\n                                        <\/div>\n\n                                    <\/div>\n                                <\/div>\n\n                            \n                                                                <div class=\"card\">\n\n                                    <div class=\"card-header collapsed\" id=\"accordion-block_b301ab2835bdcaba3b4e25b57aae40b9-accordion-11-heading\">\n\n                                        <div class=\"accordion-title\">\n                                            Programme de Consultation d&rsquo;ACCC pour des Services d&rsquo;Affirmation pour les Noirs                                        <\/div>\n\n                                        <button class=\"btn btn-icon btn-accordion-trigger collapsed\" data-toggle=\"collapse\" data-target=\"#accordion-block_b301ab2835bdcaba3b4e25b57aae40b9-accordion-11-collapse\" aria-expanded=\"false\" aria-controls=\"accordion-block_b301ab2835bdcaba3b4e25b57aae40b9-accordion-11-collapse\" tabindex=\"0\" aria-label=\"Cliquer pour d\u00e9rouler\">\n                                            <svg xmlns=\"http:\/\/www.w3.org\/2000\/svg\" viewBox=\"0 0 8 8\">\n                                                <g fill=\"none\" stroke=\"currentColor\" stroke-miterlimit=\"10\" stroke-width=\"1.5px\" transform=\"translate(-30 -47.438)\">\n                                                    <line x2=\"8\" transform=\"translate(30 51.438)\" \/>\n                                                    <line x2=\"8\" transform=\"translate(34 47.438) rotate(90)\" \/>\n                                                <\/g>\n                                            <\/svg>\n                                        <\/button>\n\n                                    <\/div>\n\n                                    <div id=\"accordion-block_b301ab2835bdcaba3b4e25b57aae40b9-accordion-11-collapse\" class=\"collapse\" aria-labelledby=\"accordion-block_b301ab2835bdcaba3b4e25b57aae40b9-accordion-11-heading\" data-parent=\"#accordion-block_b301ab2835bdcaba3b4e25b57aae40b9-accordion\">\n\n                                        <div class=\"card-body\">\n                                            <p><strong>BUT :\u00a0 <\/strong><\/p>\n<p>Le Programme de Consultation d&rsquo;ACCC pour des Services d&rsquo;Affirmation pour les Noirs a pour t\u00e2che de fournir aux employ\u00e9(e)s de service des recommandations pour soutenir leur prestation de service envers les enfants et jeunes Noirs, et leurs familles, d&rsquo;une fa\u00e7on qui tient compte des traumatismes, ax\u00e9e sur la gu\u00e9rison, culturellement s\u00e9curitaire, responsive et affirmative.<\/p>\n<p><strong>R\u00c9SULTATS G\u00c9N\u00c9RAUX ATENDUS POUR CHAQUE GROUPE : <\/strong><\/p>\n<p>Des r\u00e9sultats et pratiques qui font la promotion et soutiennent des services affirmatifs, et des environnements pour les enfants et jeunes Noirs et leurs familles qui re\u00e7oivent des services de l&rsquo;agence, qui suivent les r\u00e9sultats de consultation :<\/p>\n<ul>\n<li>Centrer les voix des enfants et jeunes Noirs, leurs familles et communaut\u00e9 dans les services de protection de l&rsquo;enfance et sant\u00e9 mentale des jeunes et enfants de Connexions Familiales de Simcoe Muskoka.<\/li>\n<li>Reconnaitre et pr\u00e9server les droits humains fondamentaux des enfants et jeunes Noirs, et leurs familles, d&rsquo;\u00eatre trait\u00e9 avec respect et dignit\u00e9.<\/li>\n<li>Informer et soutenir le bien-\u00eatre \u00e9motionnel, physique, psychologique, spirituel et social des enfants et jeunes Noirs qui re\u00e7oivent des services, et leurs familles.<\/li>\n<li>Centrer les identit\u00e9s diverses et intersectionnelles des enfants, jeunes et familles Noires dans la prestation de service, particuli\u00e8rement durant l&rsquo;intervention, la prise de d\u00e9cision &amp; la plannification pour des r\u00e9sultats \u00e9quitables qui tiennent compte des traumatismes, sont ax\u00e9s sur la gu\u00e9rison, culturellement s\u00e9curitaire, responsifs et affirmatifs.<\/li>\n<li>Affirmer l&rsquo;identit\u00e9 culturelle, la s\u00e9curit\u00e9, r\u00e9activit\u00e9 et connectivit\u00e9 des familles et de la communaut\u00e9 comme des parties essentielles du bien-\u00eatre et de la s\u00e9curit\u00e9 des jeunes et enfants.<\/li>\n<li>Entrainer, mentorer, soutenir et \u00e9duquer les employ\u00e9(e)s de service et les familles d&rsquo;accueil en ce qui concerne les identit\u00e9s diverses et intersectionnelles des enfants, jeunes et familles Noires, et \u00e0\u00a0 quel point elles sont essentielles pour leur s\u00e9curit\u00e9, affirmation et bien-\u00eatre.<\/li>\n<li>Soutenir les employ\u00e9(e)s non-noirs pour identifier, comprendre et adresser l&rsquo;impact de leurs identit\u00e9s intersectionnelles et le pouvoir qu&rsquo;elles ont ou pourraient avoir sur leur implication avec les enfants et jeunes Noirs, et leurs familles.<\/li>\n<li>Soutenir les employ\u00e9(e)s non-noirs pour identifier, comprendre et adresser l&rsquo;h\u00e9ritage du racisme anti-noir dans la protection de l&rsquo;enfance\/soci\u00e9t\u00e9 en g\u00e9n\u00e9ral et l&rsquo;impact de la prestation de service sur les enfants et jeunes Noirs, et leurs familles.<\/li>\n<li>Travailler pour identifier et adresser les influences inconscientes qui m\u00e8nent \u00e0 des biais inconscients dans la prestation de service, l&rsquo;allocation des ressources et l&rsquo;implication lors du travail avec les familles et les communaut\u00e9s dont elles font partie.<\/li>\n<\/ul>\n                                        <\/div>\n\n                                    <\/div>\n                                <\/div>\n\n                            \n                        <\/div>\n                    <\/div>\n\n                <\/div>\n            <\/div>\n\n            \n        <\/div>\n    <\/section>\n","protected":false},"excerpt":{"rendered":"","protected":false},"author":32,"featured_media":7463,"parent":0,"menu_order":111,"comment_status":"closed","ping_status":"closed","template":"","meta":{"_acf_changed":false,"footnotes":"","_links_to":"","_links_to_target":""},"class_list":["post-6634","page","type-page","status-publish","has-post-thumbnail","hentry"],"acf":[],"yoast_head":"<!-- This site is optimized with the Yoast SEO plugin v27.3 - https:\/\/yoast.com\/product\/yoast-seo-wordpress\/ -->\n<title>Nos Comit\u00e9s Internes - CFSM<\/title>\n<meta name=\"description\" content=\"\/\" \/>\n<meta name=\"robots\" content=\"index, follow, max-snippet:-1, max-image-preview:large, max-video-preview:-1\" \/>\n<link rel=\"canonical\" href=\"https:\/\/familyconnexions.ca\/fr\/nos-comites-internes\/\" \/>\n<meta property=\"og:locale\" content=\"fr_CA\" \/>\n<meta property=\"og:type\" content=\"article\" \/>\n<meta property=\"og:title\" content=\"Nos Comit\u00e9s Internes - CFSM\" \/>\n<meta property=\"og:description\" content=\"\/\" \/>\n<meta property=\"og:url\" content=\"https:\/\/familyconnexions.ca\/fr\/nos-comites-internes\/\" \/>\n<meta property=\"og:site_name\" content=\"CFSM\" \/>\n<meta property=\"article:modified_time\" content=\"2025-01-29T18:51:20+00:00\" \/>\n<meta property=\"og:image\" content=\"https:\/\/familyconnexions.ca\/wp-content\/uploads\/2022\/10\/Copy-of-community-program-banner-website-2022-1.png\" \/>\n\t<meta property=\"og:image:width\" content=\"1600\" \/>\n\t<meta property=\"og:image:height\" content=\"900\" \/>\n\t<meta property=\"og:image:type\" content=\"image\/png\" \/>\n<meta name=\"twitter:card\" content=\"summary_large_image\" \/>\n<script type=\"application\/ld+json\" class=\"yoast-schema-graph\">{\"@context\":\"https:\\\/\\\/schema.org\",\"@graph\":[{\"@type\":\"WebPage\",\"@id\":\"https:\\\/\\\/familyconnexions.ca\\\/fr\\\/nos-comites-internes\\\/\",\"url\":\"https:\\\/\\\/familyconnexions.ca\\\/fr\\\/nos-comites-internes\\\/\",\"name\":\"Nos Comit\u00e9s Internes - CFSM\",\"isPartOf\":{\"@id\":\"https:\\\/\\\/familyconnexions.ca\\\/#website\"},\"primaryImageOfPage\":{\"@id\":\"https:\\\/\\\/familyconnexions.ca\\\/fr\\\/nos-comites-internes\\\/#primaryimage\"},\"image\":{\"@id\":\"https:\\\/\\\/familyconnexions.ca\\\/fr\\\/nos-comites-internes\\\/#primaryimage\"},\"thumbnailUrl\":\"https:\\\/\\\/familyconnexions.ca\\\/wp-content\\\/uploads\\\/2022\\\/10\\\/Copy-of-community-program-banner-website-2022-1.png\",\"datePublished\":\"2022-11-03T04:02:01+00:00\",\"dateModified\":\"2025-01-29T18:51:20+00:00\",\"description\":\"\\\/\",\"breadcrumb\":{\"@id\":\"https:\\\/\\\/familyconnexions.ca\\\/fr\\\/nos-comites-internes\\\/#breadcrumb\"},\"inLanguage\":\"fr-CA\",\"potentialAction\":[{\"@type\":\"ReadAction\",\"target\":[\"https:\\\/\\\/familyconnexions.ca\\\/fr\\\/nos-comites-internes\\\/\"]}]},{\"@type\":\"ImageObject\",\"inLanguage\":\"fr-CA\",\"@id\":\"https:\\\/\\\/familyconnexions.ca\\\/fr\\\/nos-comites-internes\\\/#primaryimage\",\"url\":\"https:\\\/\\\/familyconnexions.ca\\\/wp-content\\\/uploads\\\/2022\\\/10\\\/Copy-of-community-program-banner-website-2022-1.png\",\"contentUrl\":\"https:\\\/\\\/familyconnexions.ca\\\/wp-content\\\/uploads\\\/2022\\\/10\\\/Copy-of-community-program-banner-website-2022-1.png\",\"width\":1600,\"height\":900},{\"@type\":\"BreadcrumbList\",\"@id\":\"https:\\\/\\\/familyconnexions.ca\\\/fr\\\/nos-comites-internes\\\/#breadcrumb\",\"itemListElement\":[{\"@type\":\"ListItem\",\"position\":1,\"name\":\"Home\",\"item\":\"https:\\\/\\\/familyconnexions.ca\\\/fr\\\/\"},{\"@type\":\"ListItem\",\"position\":2,\"name\":\"Nos Comit\u00e9s Internes\"}]},{\"@type\":\"WebSite\",\"@id\":\"https:\\\/\\\/familyconnexions.ca\\\/#website\",\"url\":\"https:\\\/\\\/familyconnexions.ca\\\/\",\"name\":\"CFSM\",\"description\":\"Connexions Familiales de Simcoe Muskoka\",\"potentialAction\":[{\"@type\":\"SearchAction\",\"target\":{\"@type\":\"EntryPoint\",\"urlTemplate\":\"https:\\\/\\\/familyconnexions.ca\\\/?s={search_term_string}\"},\"query-input\":{\"@type\":\"PropertyValueSpecification\",\"valueRequired\":true,\"valueName\":\"search_term_string\"}}],\"inLanguage\":\"fr-CA\"}]}<\/script>\n<!-- \/ Yoast SEO plugin. -->","yoast_head_json":{"title":"Nos Comit\u00e9s Internes - CFSM","description":"\/","robots":{"index":"index","follow":"follow","max-snippet":"max-snippet:-1","max-image-preview":"max-image-preview:large","max-video-preview":"max-video-preview:-1"},"canonical":"https:\/\/familyconnexions.ca\/fr\/nos-comites-internes\/","og_locale":"fr_CA","og_type":"article","og_title":"Nos Comit\u00e9s Internes - CFSM","og_description":"\/","og_url":"https:\/\/familyconnexions.ca\/fr\/nos-comites-internes\/","og_site_name":"CFSM","article_modified_time":"2025-01-29T18:51:20+00:00","og_image":[{"width":1600,"height":900,"url":"https:\/\/familyconnexions.ca\/wp-content\/uploads\/2022\/10\/Copy-of-community-program-banner-website-2022-1.png","type":"image\/png"}],"twitter_card":"summary_large_image","schema":{"@context":"https:\/\/schema.org","@graph":[{"@type":"WebPage","@id":"https:\/\/familyconnexions.ca\/fr\/nos-comites-internes\/","url":"https:\/\/familyconnexions.ca\/fr\/nos-comites-internes\/","name":"Nos Comit\u00e9s Internes - CFSM","isPartOf":{"@id":"https:\/\/familyconnexions.ca\/#website"},"primaryImageOfPage":{"@id":"https:\/\/familyconnexions.ca\/fr\/nos-comites-internes\/#primaryimage"},"image":{"@id":"https:\/\/familyconnexions.ca\/fr\/nos-comites-internes\/#primaryimage"},"thumbnailUrl":"https:\/\/familyconnexions.ca\/wp-content\/uploads\/2022\/10\/Copy-of-community-program-banner-website-2022-1.png","datePublished":"2022-11-03T04:02:01+00:00","dateModified":"2025-01-29T18:51:20+00:00","description":"\/","breadcrumb":{"@id":"https:\/\/familyconnexions.ca\/fr\/nos-comites-internes\/#breadcrumb"},"inLanguage":"fr-CA","potentialAction":[{"@type":"ReadAction","target":["https:\/\/familyconnexions.ca\/fr\/nos-comites-internes\/"]}]},{"@type":"ImageObject","inLanguage":"fr-CA","@id":"https:\/\/familyconnexions.ca\/fr\/nos-comites-internes\/#primaryimage","url":"https:\/\/familyconnexions.ca\/wp-content\/uploads\/2022\/10\/Copy-of-community-program-banner-website-2022-1.png","contentUrl":"https:\/\/familyconnexions.ca\/wp-content\/uploads\/2022\/10\/Copy-of-community-program-banner-website-2022-1.png","width":1600,"height":900},{"@type":"BreadcrumbList","@id":"https:\/\/familyconnexions.ca\/fr\/nos-comites-internes\/#breadcrumb","itemListElement":[{"@type":"ListItem","position":1,"name":"Home","item":"https:\/\/familyconnexions.ca\/fr\/"},{"@type":"ListItem","position":2,"name":"Nos Comit\u00e9s Internes"}]},{"@type":"WebSite","@id":"https:\/\/familyconnexions.ca\/#website","url":"https:\/\/familyconnexions.ca\/","name":"CFSM","description":"Connexions Familiales de Simcoe Muskoka","potentialAction":[{"@type":"SearchAction","target":{"@type":"EntryPoint","urlTemplate":"https:\/\/familyconnexions.ca\/?s={search_term_string}"},"query-input":{"@type":"PropertyValueSpecification","valueRequired":true,"valueName":"search_term_string"}}],"inLanguage":"fr-CA"}]}},"_links":{"self":[{"href":"https:\/\/familyconnexions.ca\/fr\/wp-json\/wp\/v2\/pages\/6634","targetHints":{"allow":["GET"]}}],"collection":[{"href":"https:\/\/familyconnexions.ca\/fr\/wp-json\/wp\/v2\/pages"}],"about":[{"href":"https:\/\/familyconnexions.ca\/fr\/wp-json\/wp\/v2\/types\/page"}],"author":[{"embeddable":true,"href":"https:\/\/familyconnexions.ca\/fr\/wp-json\/wp\/v2\/users\/32"}],"replies":[{"embeddable":true,"href":"https:\/\/familyconnexions.ca\/fr\/wp-json\/wp\/v2\/comments?post=6634"}],"version-history":[{"count":0,"href":"https:\/\/familyconnexions.ca\/fr\/wp-json\/wp\/v2\/pages\/6634\/revisions"}],"wp:featuredmedia":[{"embeddable":true,"href":"https:\/\/familyconnexions.ca\/fr\/wp-json\/wp\/v2\/media\/7463"}],"wp:attachment":[{"href":"https:\/\/familyconnexions.ca\/fr\/wp-json\/wp\/v2\/media?parent=6634"}],"curies":[{"name":"wp","href":"https:\/\/api.w.org\/{rel}","templated":true}]}}