{"id":3029,"date":"2021-09-14T20:08:12","date_gmt":"2021-09-14T20:08:12","guid":{"rendered":"http:\/\/yrcas.flywheelsites.com\/continued-care-youth-supports\/"},"modified":"2025-11-10T14:23:52","modified_gmt":"2025-11-10T14:23:52","slug":"programme-jeunes-en-transition","status":"publish","type":"page","link":"https:\/\/familyconnexions.ca\/fr\/sante-mentale-des-enfants-et-des-jeunes\/programme-jeunes-en-transition\/","title":{"rendered":"Programme de Jeunes en Transition (Muskoka &#038; Parry Sound)"},"content":{"rendered":"\n<section id=\"centered-content-block_85c74ba8fc44f626f7dcdd52e7bdb9da\"\n         class=\"orange-block centered-content-block\"\n    >\n\n\n    \n    <div class=\"container\">\n        <div class=\"row\">\n            <div class=\"col-12 content-column\" tabindex=\"0\">\n                <div class=\"content-container\">\n                                            <h3>Qu&rsquo;est-ce que c&rsquo;est?<\/h3>\n<p>Le programme de Jeune en Transition est un service financ\u00e9 provincial pour aider les jeunes qui ont \u00e9t\u00e9 ou sont actuellement dans le syst\u00e8me de protection de l&rsquo;enfance. Le but de ce programme est de soutenir les jeunes lorsqu&rsquo;ils transitionnent vers l&rsquo;\u00e2ge adulte.<\/p>\n<p>Le programme peut aider les jeunes \u00e0 trouver un logement, un emploi, des programmes d&rsquo;\u00e9tude, de l&rsquo;aide financi\u00e8re, des soins de sant\u00e9 physique et mentale, des services l\u00e9gaux et des soutiens pour le traffic d&rsquo;humains.<\/p>\n                <\/div>\n            <\/div>\n        <\/div>\n\n\t    \n    <\/div>\n    \n<\/section>\n\n    <section id=\"accordion-block_59934e6d3ef79ae2aa1fab6344de5aeb\" class=\"orange-block accordion-block has-bg-color-image bg-color-dark\" >\n\n        \n        \n        <div class=\"container\">\n            <div class=\"row\">\n                <div class=\"col-12\">\n\n                    <div class=\"accordion-wrap\">\n                        <div class=\"accordion faq-accordion\" id=\"accordion-block_59934e6d3ef79ae2aa1fab6344de5aeb-accordion\">\n\n                            \n                                                                <div class=\"card\">\n\n                                    <div class=\"card-header collapsed\" id=\"accordion-block_59934e6d3ef79ae2aa1fab6344de5aeb-accordion-1-heading\">\n\n                                        <div class=\"accordion-title\">\n                                            Intervenant aupr\u00e8s des jeunes en transition                                        <\/div>\n\n                                        <button class=\"btn btn-icon btn-accordion-trigger collapsed\" data-toggle=\"collapse\" data-target=\"#accordion-block_59934e6d3ef79ae2aa1fab6344de5aeb-accordion-1-collapse\" aria-expanded=\"false\" aria-controls=\"accordion-block_59934e6d3ef79ae2aa1fab6344de5aeb-accordion-1-collapse\" tabindex=\"0\" aria-label=\"Cliquer pour d\u00e9rouler\">\n                                            <svg xmlns=\"http:\/\/www.w3.org\/2000\/svg\" viewBox=\"0 0 8 8\">\n                                                <g fill=\"none\" stroke=\"currentColor\" stroke-miterlimit=\"10\" stroke-width=\"1.5px\" transform=\"translate(-30 -47.438)\">\n                                                    <line x2=\"8\" transform=\"translate(30 51.438)\" \/>\n                                                    <line x2=\"8\" transform=\"translate(34 47.438) rotate(90)\" \/>\n                                                <\/g>\n                                            <\/svg>\n                                        <\/button>\n\n                                    <\/div>\n\n                                    <div id=\"accordion-block_59934e6d3ef79ae2aa1fab6344de5aeb-accordion-1-collapse\" class=\"collapse\" aria-labelledby=\"accordion-block_59934e6d3ef79ae2aa1fab6344de5aeb-accordion-1-heading\" data-parent=\"#accordion-block_59934e6d3ef79ae2aa1fab6344de5aeb-accordion\">\n\n                                        <div class=\"card-body\">\n                                            <p><img loading=\"lazy\" decoding=\"async\" class=\"alignnone size-medium wp-image-13509\" src=\"https:\/\/familyconnexions.ca\/wp-content\/uploads\/2025\/11\/photo-library-for-website-hub-300x169.png\" alt=\"\" width=\"300\" height=\"169\" srcset=\"https:\/\/familyconnexions.ca\/wp-content\/uploads\/2025\/11\/photo-library-for-website-hub-300x169.png 300w, https:\/\/familyconnexions.ca\/wp-content\/uploads\/2025\/11\/photo-library-for-website-hub-1024x576.png 1024w, https:\/\/familyconnexions.ca\/wp-content\/uploads\/2025\/11\/photo-library-for-website-hub-768x432.png 768w, https:\/\/familyconnexions.ca\/wp-content\/uploads\/2025\/11\/photo-library-for-website-hub-1536x864.png 1536w, https:\/\/familyconnexions.ca\/wp-content\/uploads\/2025\/11\/photo-library-for-website-hub.png 1600w\" sizes=\"auto, (max-width: 300px) 100vw, 300px\" \/><\/p>\n<p>Au d\u00e9but du programme, l\u2019intervenant rencontre le jeune pour d\u00e9velopper le plan de soutien personnel et identifier des objectifs. L\u2019intervenant rencontrera ensuite le jeune r\u00e9guli\u00e8rement pour l\u2019aider \u00e0 travailler ensemble sur ses objectifs:<\/p>\n<ul>\n<li>Mettre le jeune en contact avec des ressources communautaires existantes<\/li>\n<li>Mettre le jeune en contact avec les fonds n\u00e9cessaires<\/li>\n<li>S\u00e9ances de mentorat (cuisine, budget, cr\u00e9ation de CV, comp\u00e9tences pour l\u2019entretien, etc.).<\/li>\n<li>Accompagner le jeune aux rendez-vous (docteurs\/sp\u00e9cialiste, visites d\u2019\u00e9coles, visites d\u2019appartements, etc.).<\/li>\n<\/ul>\n                                        <\/div>\n\n                                    <\/div>\n                                <\/div>\n\n                            \n                                                                <div class=\"card\">\n\n                                    <div class=\"card-header collapsed\" id=\"accordion-block_59934e6d3ef79ae2aa1fab6344de5aeb-accordion-2-heading\">\n\n                                        <div class=\"accordion-title\">\n                                            Approche centr\u00e9e sur le client                                        <\/div>\n\n                                        <button class=\"btn btn-icon btn-accordion-trigger collapsed\" data-toggle=\"collapse\" data-target=\"#accordion-block_59934e6d3ef79ae2aa1fab6344de5aeb-accordion-2-collapse\" aria-expanded=\"false\" aria-controls=\"accordion-block_59934e6d3ef79ae2aa1fab6344de5aeb-accordion-2-collapse\" tabindex=\"0\" aria-label=\"Cliquer pour d\u00e9rouler\">\n                                            <svg xmlns=\"http:\/\/www.w3.org\/2000\/svg\" viewBox=\"0 0 8 8\">\n                                                <g fill=\"none\" stroke=\"currentColor\" stroke-miterlimit=\"10\" stroke-width=\"1.5px\" transform=\"translate(-30 -47.438)\">\n                                                    <line x2=\"8\" transform=\"translate(30 51.438)\" \/>\n                                                    <line x2=\"8\" transform=\"translate(34 47.438) rotate(90)\" \/>\n                                                <\/g>\n                                            <\/svg>\n                                        <\/button>\n\n                                    <\/div>\n\n                                    <div id=\"accordion-block_59934e6d3ef79ae2aa1fab6344de5aeb-accordion-2-collapse\" class=\"collapse\" aria-labelledby=\"accordion-block_59934e6d3ef79ae2aa1fab6344de5aeb-accordion-2-heading\" data-parent=\"#accordion-block_59934e6d3ef79ae2aa1fab6344de5aeb-accordion\">\n\n                                        <div class=\"card-body\">\n                                            <p>Le programme est construit de fa\u00e7on \u00e0 \u00eatre flexible, pour que le jeune d\u00e9cide sur quels objectifs il veut travailler. Si leurs objectifs et besoins changent, le programme sera ajust\u00e9. Les heures et lieux des rencontres sont aussi flexibles en fonction des besoins du jeune, et peuvent avoir lieu en dehors des heures de travail habituelles (soir\u00e9es et fins de semaine).<\/p>\n                                        <\/div>\n\n                                    <\/div>\n                                <\/div>\n\n                            \n                                                                <div class=\"card\">\n\n                                    <div class=\"card-header collapsed\" id=\"accordion-block_59934e6d3ef79ae2aa1fab6344de5aeb-accordion-3-heading\">\n\n                                        <div class=\"accordion-title\">\n                                            Qui est \u00e9ligible?                                        <\/div>\n\n                                        <button class=\"btn btn-icon btn-accordion-trigger collapsed\" data-toggle=\"collapse\" data-target=\"#accordion-block_59934e6d3ef79ae2aa1fab6344de5aeb-accordion-3-collapse\" aria-expanded=\"false\" aria-controls=\"accordion-block_59934e6d3ef79ae2aa1fab6344de5aeb-accordion-3-collapse\" tabindex=\"0\" aria-label=\"Cliquer pour d\u00e9rouler\">\n                                            <svg xmlns=\"http:\/\/www.w3.org\/2000\/svg\" viewBox=\"0 0 8 8\">\n                                                <g fill=\"none\" stroke=\"currentColor\" stroke-miterlimit=\"10\" stroke-width=\"1.5px\" transform=\"translate(-30 -47.438)\">\n                                                    <line x2=\"8\" transform=\"translate(30 51.438)\" \/>\n                                                    <line x2=\"8\" transform=\"translate(34 47.438) rotate(90)\" \/>\n                                                <\/g>\n                                            <\/svg>\n                                        <\/button>\n\n                                    <\/div>\n\n                                    <div id=\"accordion-block_59934e6d3ef79ae2aa1fab6344de5aeb-accordion-3-collapse\" class=\"collapse\" aria-labelledby=\"accordion-block_59934e6d3ef79ae2aa1fab6344de5aeb-accordion-3-heading\" data-parent=\"#accordion-block_59934e6d3ef79ae2aa1fab6344de5aeb-accordion\">\n\n                                        <div class=\"card-body\">\n                                            <p><img loading=\"lazy\" decoding=\"async\" class=\"wp-image-5907 alignnone\" src=\"https:\/\/familyconnexions.ca\/wp-content\/uploads\/2022\/10\/Friends-300x200.png\" alt=\"\" width=\"240\" height=\"160\" srcset=\"https:\/\/familyconnexions.ca\/wp-content\/uploads\/2022\/10\/Friends-300x200.png 300w, https:\/\/familyconnexions.ca\/wp-content\/uploads\/2022\/10\/Friends-1024x682.png 1024w, https:\/\/familyconnexions.ca\/wp-content\/uploads\/2022\/10\/Friends-768x511.png 768w, https:\/\/familyconnexions.ca\/wp-content\/uploads\/2022\/10\/Friends.png 1385w\" sizes=\"auto, (max-width: 240px) 100vw, 240px\" \/><\/p>\n<p>Les jeunes qui r\u00e9pondent aux crit\u00e8res suivants:<\/p>\n<ul>\n<li>Ont entre 16 et 24 ans<\/li>\n<li>Ont une ordonnance d\u2019Enfant aux soins d\u2019une soci\u00e9t\u00e9 de fa\u00e7on prolong\u00e9e, une ordonnance de garde l\u00e9gale ou un Accord pass\u00e9 de soins conformes aux traditions avant leur 18 ans, ou<\/li>\n<li>Sont entr\u00e9s dans un Accord volontaire de Services aux Jeunes avec une Soci\u00e9t\u00e9 d\u2019aide \u00e0 l\u2019enfance entre 16 et 17 ans.<\/li>\n<\/ul>\n                                        <\/div>\n\n                                    <\/div>\n                                <\/div>\n\n                            \n                        <\/div>\n                    <\/div>\n\n                <\/div>\n            <\/div>\n\n            \n        <\/div>\n    <\/section>\n\n            <section id=\"cta-block_f224c3ce065a0b30981fdce1c419991d\" class=\"orange-block cta-block full-width-cta select-posts has-post-image text-dark align-left show-image container-container no-bg-image\">\n\n                \n                \n                <div class=\"section-contents\">\n                    <div class=\"container\">\n\n                        \n                        <!-- Block content -->\n                        \n                        <div class=\"row column-count-1\">\n                                                        <!-- Single CTA -->\n                                <div class=\"col cta-col\">\n\t                            \n                                        <div class=\"card align-left\">\n                                            <div class=\"card-body has-image\">\n\n                                                    <div class=\"card-content has-image\">\n            <!-- Title -->\n                            <h3 class=\"h3 card-title\">Coordonn\u00e9es<\/h3>\n            \n            <div class=\"card-text-and-links\">\n                            <!-- Description -->\n                <div class=\"card-text\"><h3>Pour plus d\u2019information, veuillez nous contacter au <a href=\"tel:705-529-1254\" target=\"_blank\" rel=\"noopener\">705-529-1254<\/a> ou <a href=\"mailto:yit@familyconnexions.ca\" target=\"_blank\" rel=\"noopener\">yit@familyconnexions.ca<\/a><\/h3>\n<h3>Le formulaire de r\u00e9f\u00e9rence pour le programme se trouve\u00a0<a href=\"https:\/\/familyconnexions.ca\/wp-content\/uploads\/2023\/12\/Updated-YIT-Referral.docx\" target=\"_blank\" rel=\"noopener\">ici<\/a>\u00a0(actuellement en anglais uniquement).<\/h3>\n<\/div>\n            \n                        <\/div>\n\n\n\n        <\/div>\n\n        \n        <div class=\"card-image-container has-image\">\n                    <div class=\"card-image\">\n                <img loading=\"lazy\" decoding=\"async\" width=\"624\" height=\"417\" src=\"https:\/\/familyconnexions.ca\/wp-content\/uploads\/2022\/11\/Picture2.jpg\" class=\"attachment-large size-large\" alt=\"\" srcset=\"https:\/\/familyconnexions.ca\/wp-content\/uploads\/2022\/11\/Picture2.jpg 624w, https:\/\/familyconnexions.ca\/wp-content\/uploads\/2022\/11\/Picture2-300x200.jpg 300w\" sizes=\"auto, (max-width: 624px) 100vw, 624px\" \/>            <\/div>\n                <\/div>\n\n    \n                                            <\/div>\n                                        <\/div>\n\n                                \n                                <\/div>\n\n                            \n                        <\/div>\n\n                                                \n                    <\/div>\n                <\/div>\n            <\/section>\n        ","protected":false},"excerpt":{"rendered":"","protected":false},"author":1,"featured_media":6081,"parent":3030,"menu_order":87,"comment_status":"closed","ping_status":"closed","template":"","meta":{"_acf_changed":false,"footnotes":"","_links_to":"","_links_to_target":""},"class_list":["post-3029","page","type-page","status-publish","has-post-thumbnail","hentry"],"acf":[],"yoast_head":"<!-- This site is optimized with the Yoast SEO plugin v27.3 - https:\/\/yoast.com\/product\/yoast-seo-wordpress\/ -->\n<title>Programme de Jeunes en Transition (Muskoka &amp; Parry Sound) - CFSM<\/title>\n<meta name=\"description\" content=\"\/\" \/>\n<meta name=\"robots\" content=\"index, follow, max-snippet:-1, max-image-preview:large, max-video-preview:-1\" \/>\n<link rel=\"canonical\" href=\"https:\/\/familyconnexions.ca\/fr\/sante-mentale-des-enfants-et-des-jeunes\/programme-jeunes-en-transition\/\" \/>\n<meta property=\"og:locale\" content=\"fr_CA\" \/>\n<meta property=\"og:type\" content=\"article\" \/>\n<meta property=\"og:title\" content=\"Programme de Jeunes en Transition (Muskoka &amp; Parry Sound) - CFSM\" \/>\n<meta property=\"og:description\" content=\"\/\" \/>\n<meta property=\"og:url\" content=\"https:\/\/familyconnexions.ca\/fr\/sante-mentale-des-enfants-et-des-jeunes\/programme-jeunes-en-transition\/\" \/>\n<meta property=\"og:site_name\" content=\"CFSM\" \/>\n<meta property=\"article:modified_time\" content=\"2025-11-10T14:23:52+00:00\" \/>\n<meta property=\"og:image\" content=\"https:\/\/familyconnexions.ca\/wp-content\/uploads\/2022\/10\/banner-1.png\" \/>\n\t<meta property=\"og:image:width\" content=\"1396\" \/>\n\t<meta property=\"og:image:height\" content=\"570\" \/>\n\t<meta property=\"og:image:type\" content=\"image\/png\" \/>\n<meta name=\"twitter:card\" content=\"summary_large_image\" \/>\n<script type=\"application\/ld+json\" class=\"yoast-schema-graph\">{\"@context\":\"https:\\\/\\\/schema.org\",\"@graph\":[{\"@type\":\"WebPage\",\"@id\":\"https:\\\/\\\/familyconnexions.ca\\\/fr\\\/sante-mentale-des-enfants-et-des-jeunes\\\/programme-jeunes-en-transition\\\/\",\"url\":\"https:\\\/\\\/familyconnexions.ca\\\/fr\\\/sante-mentale-des-enfants-et-des-jeunes\\\/programme-jeunes-en-transition\\\/\",\"name\":\"Programme de Jeunes en Transition (Muskoka & Parry Sound) - CFSM\",\"isPartOf\":{\"@id\":\"https:\\\/\\\/familyconnexions.ca\\\/#website\"},\"primaryImageOfPage\":{\"@id\":\"https:\\\/\\\/familyconnexions.ca\\\/fr\\\/sante-mentale-des-enfants-et-des-jeunes\\\/programme-jeunes-en-transition\\\/#primaryimage\"},\"image\":{\"@id\":\"https:\\\/\\\/familyconnexions.ca\\\/fr\\\/sante-mentale-des-enfants-et-des-jeunes\\\/programme-jeunes-en-transition\\\/#primaryimage\"},\"thumbnailUrl\":\"https:\\\/\\\/familyconnexions.ca\\\/wp-content\\\/uploads\\\/2022\\\/10\\\/banner-1.png\",\"datePublished\":\"2021-09-14T20:08:12+00:00\",\"dateModified\":\"2025-11-10T14:23:52+00:00\",\"description\":\"\\\/\",\"breadcrumb\":{\"@id\":\"https:\\\/\\\/familyconnexions.ca\\\/fr\\\/sante-mentale-des-enfants-et-des-jeunes\\\/programme-jeunes-en-transition\\\/#breadcrumb\"},\"inLanguage\":\"fr-CA\",\"potentialAction\":[{\"@type\":\"ReadAction\",\"target\":[\"https:\\\/\\\/familyconnexions.ca\\\/fr\\\/sante-mentale-des-enfants-et-des-jeunes\\\/programme-jeunes-en-transition\\\/\"]}]},{\"@type\":\"ImageObject\",\"inLanguage\":\"fr-CA\",\"@id\":\"https:\\\/\\\/familyconnexions.ca\\\/fr\\\/sante-mentale-des-enfants-et-des-jeunes\\\/programme-jeunes-en-transition\\\/#primaryimage\",\"url\":\"https:\\\/\\\/familyconnexions.ca\\\/wp-content\\\/uploads\\\/2022\\\/10\\\/banner-1.png\",\"contentUrl\":\"https:\\\/\\\/familyconnexions.ca\\\/wp-content\\\/uploads\\\/2022\\\/10\\\/banner-1.png\",\"width\":1396,\"height\":570},{\"@type\":\"BreadcrumbList\",\"@id\":\"https:\\\/\\\/familyconnexions.ca\\\/fr\\\/sante-mentale-des-enfants-et-des-jeunes\\\/programme-jeunes-en-transition\\\/#breadcrumb\",\"itemListElement\":[{\"@type\":\"ListItem\",\"position\":1,\"name\":\"Home\",\"item\":\"https:\\\/\\\/familyconnexions.ca\\\/fr\\\/\"},{\"@type\":\"ListItem\",\"position\":2,\"name\":\"\u00c0 propos de la Sant\u00e9 Mentale des Enfants &#038; Jeunes\",\"item\":\"https:\\\/\\\/familyconnexions.ca\\\/fr\\\/sante-mentale-des-enfants-et-des-jeunes\\\/\"},{\"@type\":\"ListItem\",\"position\":3,\"name\":\"Programme de Jeunes en Transition (Muskoka &#038; Parry Sound)\"}]},{\"@type\":\"WebSite\",\"@id\":\"https:\\\/\\\/familyconnexions.ca\\\/#website\",\"url\":\"https:\\\/\\\/familyconnexions.ca\\\/\",\"name\":\"CFSM\",\"description\":\"Connexions Familiales de Simcoe Muskoka\",\"potentialAction\":[{\"@type\":\"SearchAction\",\"target\":{\"@type\":\"EntryPoint\",\"urlTemplate\":\"https:\\\/\\\/familyconnexions.ca\\\/?s={search_term_string}\"},\"query-input\":{\"@type\":\"PropertyValueSpecification\",\"valueRequired\":true,\"valueName\":\"search_term_string\"}}],\"inLanguage\":\"fr-CA\"}]}<\/script>\n<!-- \/ Yoast SEO plugin. -->","yoast_head_json":{"title":"Programme de Jeunes en Transition (Muskoka & Parry Sound) - CFSM","description":"\/","robots":{"index":"index","follow":"follow","max-snippet":"max-snippet:-1","max-image-preview":"max-image-preview:large","max-video-preview":"max-video-preview:-1"},"canonical":"https:\/\/familyconnexions.ca\/fr\/sante-mentale-des-enfants-et-des-jeunes\/programme-jeunes-en-transition\/","og_locale":"fr_CA","og_type":"article","og_title":"Programme de Jeunes en Transition (Muskoka & Parry Sound) - CFSM","og_description":"\/","og_url":"https:\/\/familyconnexions.ca\/fr\/sante-mentale-des-enfants-et-des-jeunes\/programme-jeunes-en-transition\/","og_site_name":"CFSM","article_modified_time":"2025-11-10T14:23:52+00:00","og_image":[{"width":1396,"height":570,"url":"https:\/\/familyconnexions.ca\/wp-content\/uploads\/2022\/10\/banner-1.png","type":"image\/png"}],"twitter_card":"summary_large_image","schema":{"@context":"https:\/\/schema.org","@graph":[{"@type":"WebPage","@id":"https:\/\/familyconnexions.ca\/fr\/sante-mentale-des-enfants-et-des-jeunes\/programme-jeunes-en-transition\/","url":"https:\/\/familyconnexions.ca\/fr\/sante-mentale-des-enfants-et-des-jeunes\/programme-jeunes-en-transition\/","name":"Programme de Jeunes en Transition (Muskoka & Parry Sound) - CFSM","isPartOf":{"@id":"https:\/\/familyconnexions.ca\/#website"},"primaryImageOfPage":{"@id":"https:\/\/familyconnexions.ca\/fr\/sante-mentale-des-enfants-et-des-jeunes\/programme-jeunes-en-transition\/#primaryimage"},"image":{"@id":"https:\/\/familyconnexions.ca\/fr\/sante-mentale-des-enfants-et-des-jeunes\/programme-jeunes-en-transition\/#primaryimage"},"thumbnailUrl":"https:\/\/familyconnexions.ca\/wp-content\/uploads\/2022\/10\/banner-1.png","datePublished":"2021-09-14T20:08:12+00:00","dateModified":"2025-11-10T14:23:52+00:00","description":"\/","breadcrumb":{"@id":"https:\/\/familyconnexions.ca\/fr\/sante-mentale-des-enfants-et-des-jeunes\/programme-jeunes-en-transition\/#breadcrumb"},"inLanguage":"fr-CA","potentialAction":[{"@type":"ReadAction","target":["https:\/\/familyconnexions.ca\/fr\/sante-mentale-des-enfants-et-des-jeunes\/programme-jeunes-en-transition\/"]}]},{"@type":"ImageObject","inLanguage":"fr-CA","@id":"https:\/\/familyconnexions.ca\/fr\/sante-mentale-des-enfants-et-des-jeunes\/programme-jeunes-en-transition\/#primaryimage","url":"https:\/\/familyconnexions.ca\/wp-content\/uploads\/2022\/10\/banner-1.png","contentUrl":"https:\/\/familyconnexions.ca\/wp-content\/uploads\/2022\/10\/banner-1.png","width":1396,"height":570},{"@type":"BreadcrumbList","@id":"https:\/\/familyconnexions.ca\/fr\/sante-mentale-des-enfants-et-des-jeunes\/programme-jeunes-en-transition\/#breadcrumb","itemListElement":[{"@type":"ListItem","position":1,"name":"Home","item":"https:\/\/familyconnexions.ca\/fr\/"},{"@type":"ListItem","position":2,"name":"\u00c0 propos de la Sant\u00e9 Mentale des Enfants &#038; Jeunes","item":"https:\/\/familyconnexions.ca\/fr\/sante-mentale-des-enfants-et-des-jeunes\/"},{"@type":"ListItem","position":3,"name":"Programme de Jeunes en Transition (Muskoka &#038; Parry Sound)"}]},{"@type":"WebSite","@id":"https:\/\/familyconnexions.ca\/#website","url":"https:\/\/familyconnexions.ca\/","name":"CFSM","description":"Connexions Familiales de Simcoe Muskoka","potentialAction":[{"@type":"SearchAction","target":{"@type":"EntryPoint","urlTemplate":"https:\/\/familyconnexions.ca\/?s={search_term_string}"},"query-input":{"@type":"PropertyValueSpecification","valueRequired":true,"valueName":"search_term_string"}}],"inLanguage":"fr-CA"}]}},"_links":{"self":[{"href":"https:\/\/familyconnexions.ca\/fr\/wp-json\/wp\/v2\/pages\/3029","targetHints":{"allow":["GET"]}}],"collection":[{"href":"https:\/\/familyconnexions.ca\/fr\/wp-json\/wp\/v2\/pages"}],"about":[{"href":"https:\/\/familyconnexions.ca\/fr\/wp-json\/wp\/v2\/types\/page"}],"author":[{"embeddable":true,"href":"https:\/\/familyconnexions.ca\/fr\/wp-json\/wp\/v2\/users\/1"}],"replies":[{"embeddable":true,"href":"https:\/\/familyconnexions.ca\/fr\/wp-json\/wp\/v2\/comments?post=3029"}],"version-history":[{"count":0,"href":"https:\/\/familyconnexions.ca\/fr\/wp-json\/wp\/v2\/pages\/3029\/revisions"}],"up":[{"embeddable":true,"href":"https:\/\/familyconnexions.ca\/fr\/wp-json\/wp\/v2\/pages\/3030"}],"wp:featuredmedia":[{"embeddable":true,"href":"https:\/\/familyconnexions.ca\/fr\/wp-json\/wp\/v2\/media\/6081"}],"wp:attachment":[{"href":"https:\/\/familyconnexions.ca\/fr\/wp-json\/wp\/v2\/media?parent=3029"}],"curies":[{"name":"wp","href":"https:\/\/api.w.org\/{rel}","templated":true}]}}